{"id":41,"date":"2024-02-15T09:36:28","date_gmt":"2024-02-15T09:36:28","guid":{"rendered":"https:\/\/edi.ifzg.hr\/?page_id=41"},"modified":"2026-02-04T14:07:11","modified_gmt":"2026-02-04T14:07:11","slug":"aktivnosti","status":"publish","type":"page","link":"https:\/\/edi.ifzg.hr\/index.php\/aktivnosti\/","title":{"rendered":"Aktivnosti"},"content":{"rendered":"\n<p class=\"has-text-align-center has-large-font-size\"><a href=\"http:\/\/edi.ifzg.hr\">Etika i dru\u0161tveni izazovi<\/a><\/p>\n\n\n\n<div class=\"wp-block-buttons is-content-justification-center is-layout-flex wp-container-core-buttons-is-layout-a89b3969 wp-block-buttons-is-layout-flex\">\n<div class=\"wp-block-button\"><a class=\"wp-block-button__link has-small-font-size has-custom-font-size wp-element-button\" href=\"https:\/\/edi.ifzg.hr\/index.php\/o_projektu\/\">O projektu<\/a><\/div>\n\n\n\n<div class=\"wp-block-button\"><a class=\"wp-block-button__link has-small-font-size has-custom-font-size wp-element-button\" href=\"https:\/\/edi.ifzg.hr\/index.php\/clanovi\/\">\u010clanovi<\/a><\/div>\n\n\n\n<div class=\"wp-block-button\"><a class=\"wp-block-button__link has-small-font-size has-custom-font-size wp-element-button\" href=\"https:\/\/edi.ifzg.hr\/index.php\/publikacije\/\">Publikacije<\/a><\/div>\n\n\n\n<div class=\"wp-block-button\"><a class=\"wp-block-button__link has-small-font-size has-custom-font-size wp-element-button\" href=\"https:\/\/edi.ifzg.hr\/index.php\/aktivnosti\/\">Aktivnosti<\/a><\/div>\n\n\n\n<div class=\"wp-block-button\"><a class=\"wp-block-button__link has-small-font-size has-custom-font-size wp-element-button\" href=\"https:\/\/edi.ifzg.hr\/index.php\/kontakt\/\">Kontakt<\/a><\/div>\n<\/div>\n\n\n\n<p class=\"has-large-font-size\">Aktivnosti<\/p>\n\n\n\n<p><strong>Izlaganja<\/strong><\/p>\n\n\n\n<p>Joli\u0107, Tvrtko, \u201eOd instinkta do dostojanstva: Vjekoslav Rotkvi\u0107 o temelju moralnog napretka\u201d (konferencija: \u201eGodi\u0161nja konferencija Instituta za filozofiju: Hrvatska filozofija, proslava pedeset godina \u010dasopisa Prilozi za istra\u017eivanje hrvatske filozofske ba\u0161tine\u201c, Zagreb, Hrvatska, 4.-5.12.2025.)<\/p>\n\n\n\n<p>Biturajac, Mia, \u201eAndrija \u0160tampar kroz prizmu suvremene filozofije medicine\u201d (konferencija: \u201eGodi\u0161nja konferencija Instituta za filozofiju: Hrvatska filozofija, proslava pedeset godina \u010dasopisa Prilozi za istra\u017eivanje hrvatske filozofske ba\u0161tine\u201c, Zagreb, Hrvatska, 4.-5.12.2025.)<\/p>\n\n\n\n<p>Ivankovi\u0107, Viktor i Kadi\u0107, Nino, \u201eCan a videogame be part of Croatian philosophical heritage? The example of The Talos Principle series\u201d (konferencija: \u201eGodi\u0161nja konferencija Instituta za filozofiju: Hrvatska filozofija, proslava pedeset godina \u010dasopisa Prilozi za istra\u017eivanje hrvatske filozofske ba\u0161tine\u201c, Zagreb, Hrvatska, 4.-5.12.2025.)<\/p>\n\n\n\n<p>Grgi\u0107, Filip, \u201ePrakti\u010dna istina: dva pristupa\u201c (konferencija: \u201eIzazovi filozofije: 10. godi\u0161nja konferencija Udruge za promicanje filozofije\u201c, Zagreb, Hrvatska, 14.11.2025.).<\/p>\n\n\n\n<p>Domazet, Mladen, \u201e\u017divjeti bez mapa: \u201csablasno djelovanje na daljinu\u201d kao metafora za \u201cprosperitetni silazak\u201d\u201c (konferencija: \u201eIzazovi filozofije: 10. godi\u0161nja konferencija Udruge za promicanje filozofije\u201c, Zagreb, Hrvatska, 14.11.2025.).<\/p>\n\n\n\n<p>Kadi\u0107, Nino, \u201eRussellian Physicalism, Mereology, and Inscrutables\u201c (konferencija: \u201eXI Congress of the Spanish Society for Analytic Philosophy (XI SEFA)\u201c,&nbsp; Sevilla, \u0160panjolska,1.-3.10.2025.)<\/p>\n\n\n\n<p>Crnko, Tamara i Balorda, Vito, \u201eResponsibility Without Blame: Philosophers and the Decline of Trust in Science\u201c (konferencija: \u201eZagreb Applied Ethics Conference 2025\u201c, Zagreb, Hrvatska, 24.-26.9.2025.)<\/p>\n\n\n\n<p>Crnko, Tamara i Balorda, Vito, \u201eBridging the Science-Public Communication Gap: Why Philosophy of Science Matters\u201c (konferencija: \u201eEPSA2025: The 10th biennial meeting of the European Philosophy of Science Association\u201c, Groningen, Nizozemska, 27.-30.8.2025.)<\/p>\n\n\n\n<p>Ivankovi\u0107, Viktor i Moles, Andres, \u201eLiberal Neutrality and the Effects of Democratic Design\u201c (konferencija: \u201eThe Philosophy of Neutrality: 2025 Symposium of the Swiss Philosophical Society\u201c, Neuchatel, \u0160vicarska, 27.-29.8.2025.). &nbsp;<\/p>\n\n\n\n<p>Crnko, Tamara i Balorda, Vito, \u201ePitaj filozofa: dru\u0161tveno anga\u017eirana filozofija\u201c (konferencija: \u201eDr\u017eavni stru\u010dni skup za nastavnike filozofije, etike i logike: \u201eInterdisciplinarni pristupi u odgoju i obrazovanju: teorija, praksa i vrijednosti\u201d, Rijeka, Hrvatska, 27.6.2025.)<\/p>\n\n\n\n<p>Biturajac, Mia \u201eThe Work of Andrija \u0160tampar Through the Lens of Philosophy of Medicine\u201c (konferencija: \u201eThe Interface Problem in the Philosophy of Law and Psychiatry\u201c, Rijeka, Hrvatska, 26.6.2025.)<\/p>\n\n\n\n<p>Domazet, Mladen, \u201eMapping legal constraints for degrowth transformation and changing mindsets in municipalities\u201c (konferencija: \u201e18th Conference of the International Society for Ecological Economics and 11th International Degrowth Conference\u201c, Oslo, Norve\u0161ka, 24.-27.6.2025.)<\/p>\n\n\n\n<p>Domazet, Mladen, \u201e\u201c\u010cemu to?\u201c \u2013 filozofiranje drvene klupe Augusta Cesarca\u201c (konferencija: \u201eZnanstveni skup Nove teme u hrvatskoj filozofiji od 1874. do 1945. godine\u201c, Zagreb, Hrvatska, 5.-6.6.2025.)<\/p>\n\n\n\n<p>Grgi\u0107, Filip, \u201eTruth and Action\u201c (konferencija: \u201eNenad v na\u0161ih mislih\u201c, Maribor, Slovenija, 27.-28.5.2025.)<\/p>\n\n\n\n<p>Ivankovi\u0107, Viktor i Savi\u0107, Lovro, \u201eThe Rights of Psychopaths\u201c (konferencija: \u201eOZSW \u2013 Annual Conference of the Dutch Research School of Philosophy\u201c, Delft, Nizozemska, 19.-20.5.2025.)<\/p>\n\n\n\n<p>Grgi\u0107, Filip, \u201ePractical Truth\u201c (konferencija: \u201eThe Legacy of Nenad&#8217;s Philosophical Thought\u201c, Rijeka, Hrvatska, 10.-11.4.2025.)<\/p>\n\n\n\n<p>Biturajac, Mia, \u201eNenad Mi\u0161\u010devi\u0107 on Thought Experiments\u201c (konferencija: \u201eThe Legacy of Nenad&#8217;s Philosophical Thought\u201c, Rijeka, Hrvatska, 10.-11.4.2025.)<\/p>\n\n\n\n<p>Ivankovi\u0107, Viktor, \u201eThe Distance Principle, Nationalism, and Mi\u0161\u010devi\u0107\u2019s Hated Neighbor Truism\u201c (konferencija: \u201eThe Legacy of Nenad&#8217;s Philosophical Thought\u201c, Rijeka, Hrvatska, 10.-11.4.2025.)<\/p>\n\n\n\n<p>Ivankovi\u0107, Viktor i Kadi\u0107, Nino, \u201eConscious AI and Moral Caution\u201c, (konferencija: \u201eThinking the Future: 11th Congress of the Austrian Society for Philosophy\u201c, Graz, Austrija, 25.-28.2.2025.)<\/p>\n\n\n\n<p>Ivankovi\u0107, Viktor i Moles, Andres, \u201eLiberal Neutrality and the Effects of Democratic Design\u201c (konferencija: \u201eAttention, Politics and Democracy\u201c, Oslo, Norve\u0161ka, 20.-21.2.2025.)<\/p>\n\n\n\n<p>Bracanovi\u0107, Tomislav, \u201eTherapeutic robots as placebo friends\u201c (konferencija: \u201eInternational Conference Artificial Intelligence and Neurodivergent Groups \u2013 Ethical Challenges\u201c, Rijeka, Hrvatska, 7.2.2025.)<\/p>\n\n\n\n<p>Domazet, Mladen i Lubbock, Rowan, \u201eMovement without a Movement\u201c (konferencija: \u201eAfter Development Lecutres 2024\u201c, Bergen, Norve\u0161ka, 16.-20.12.2024.)<\/p>\n\n\n\n<p>Crnko, Tamara i Balorda, Vito, \u201eThe Role of Philosophers in Rebuilding Trust in Science\u201c (konferencija: \u201ePublic Philosophy: Perspectives and Challenges\u201c, Zagreb, 5.-6.12.2024.)<\/p>\n\n\n\n<p>Ivankovi\u0107, Viktor, \u201eMoral philosophizing and moral progress: Embracing the weak entanglement view\u201c (konferencija: \u201ePublic Philosophy: Perspectives and Challenges\u201c, Zagreb, 5.-6.12.2024.)<\/p>\n\n\n\n<p>Grgi\u0107, Lovro, \u201eRevolucija, barbarstvo i moralni napredak\u201c (konferencija: \u201eKant 300\u201c, Beograd, Srbija, 5.-6.12.2024.)<\/p>\n\n\n\n<p>Domazet, Mladen, \u201eDegrowth Doughnut \u2013 visualising and communicating a just sustainability\u201c (konferencija:\u201eErasmus+ GEM partnership\u201c, 3.12.2024.)<\/p>\n\n\n\n<p>Grgi\u0107, Filip, \u201eOdgovornost i vrijeme\u201c (konferencija: \u201ePojam vremena\u201c, Zagreb, Matica hrvatska, 29.11.2024.)<\/p>\n\n\n\n<p>Grgi\u0107, Lovro, \u201eA European Army \u2013 a Necessity on the Road to Perpetual Peace?, (konferencija: \u201eEuropean Union as a realization of Kant&#8217;s idea of perpetual peace?\u201c, Zadar, 20.-22.11.2024.)<\/p>\n\n\n\n<p>Domazet, Mladen, \u201eDegrowth Discourses on the European Semiperiphery\u201c (konferencija: \u201eDevelopment Beyond Growth \u2013 Global and Local Perspectives on Just Transitions\u201c, Bonn, Njema\u010dka, 6.-7.11.2024.)<\/p>\n\n\n\n<p>Bracanovi\u0107, Tomislav, \u201eVojni roboti i teorija pravednog rata\u201c (konferencija: \u201eNaslje\u0111e u filozofiji: kontinuitet i promjene\u201c, Institut za filozofiju, Zagreb, 25.10. 2024.)<\/p>\n\n\n\n<p>Ivankovi\u0107, Viktor i Kudlek, Karolina, \u201eNudges, Norms and Moral Progress\u201c (konferencija: \u201eESDiT \/ 4TU.Ethics Conference \u201cRethinking Ethics \u2013 Reimagining Technology\u201d\u201c, Enschede, Nizozemska, 2.4.10.2024.)<\/p>\n\n\n\n<p>Ivankovi\u0107, Viktor i Kudlek, Karolina, \u201eNudges, Norms and Moral Progress\u201c (konferencija: \u201eOZSW Annual Conference 2024\u201c, Eindhoven, Nizozemska, 30.-31.8.2024.)<\/p>\n\n\n\n<p>Joli\u0107, Tvrtko, \u201eAgents of moral progress: Individual and collective perspectives\u201c (konferencija: \u201eXXV World Congress of Philosophy: Philosophy across Boundaries\u201c, Rim, Italija, 1.-8.8.2024.)<\/p>\n\n\n\n<p>Crnko, Tamara i Balorda, Vito, \u201eThe Role of Philosophers in Rebuilding Trust in Science\u201c (konferencija: \u201e25th CSAP annual conference: Contemporary Philosophical Issues\u201c, Rijeka, 18.-19.7.2024.)<\/p>\n\n\n\n<p>Grgi\u0107, Filip, \u201eIgnorance, Excuse, and Regret\u201c (konferencija: \u201e25th CSAP annual conference: Contemporary Philosophical Issues\u201c, Rijeka, 18.-19.7.2024.)<\/p>\n\n\n\n<p>Domazet, Mladen, \u201eKlimatske promjene i ekonomija krafne\u201c (konferencija: \u201eZelena \u0161kola Vla\u0161i\u0107\u201c, 3.-5.7.2024.)<\/p>\n\n\n\n<p>Ivankovi\u0107, Viktor, \u201eReconceiving Transparency and Watchfulness for AI-Nudging\u201c (konferencija: \u201e14th Braga Meetings on Ethics and Political Philosophy\u201c, Braga, Portugal, 26.-28.6.2024.)<\/p>\n\n\n\n<p>Joli\u0107, Tvrtko, \u201eMoral and Political Progress: Individual vs. Collective Perspective\u201c (konferencija: \u201e22nd Annual International Conference on Politics &amp; International Studies\u201c, Atena, Gr\u010dka, 17.-20.6.2024.)<\/p>\n\n\n\n<p>Ivankovi\u0107, Viktor i Kudlek, Karolina, \u201eNudges, Norms and Moral Progress\u201c&nbsp; (konferencija: \u201eChange: International Conference\u201c, Beograd, Srbija, 12.-15.6.2024.)<\/p>\n\n\n\n<p>Ivankovi\u0107, Viktor, \u201eThe Inevitability Argument for Choice Architecture and the Evidence-Based View\u201c (konferencija: \u201eSummer School &#8216;Equality and Citizenship&#8217; 2024\u201c, Rijeka, 3.-7.6.2024.)<\/p>\n\n\n\n<p>Grgi\u0107, Lovro, \u201eKant on Barbarism \u2013 the Limits of Political Legitimacy\u201c (konferencija: \u201eDoctoral workshop with prof. David Estlund\u201c, Rijeka, 23.5.2024.)<\/p>\n\n\n\n<p>Domazet, Mladen, \u201eEco-justice: theories of global ecological justice and climate challenges in Eastern Europe\u201c (konferencija: \u201eErasmus+ Ecojustice partnership\u201c, Ma\u0111arska, 9.-10.5.2024.)<\/p>\n\n\n\n<p>Grgi\u0107, Filip, \u201eWeakness of Will and Negligence\u201c (konferencija: \u201eEmotions and Motivation \u2013 Drivers of Behavior\u201c, 7.3.2024.)<\/p>\n\n\n\n<p>Ivankovi\u0107, Viktor, \u201eWhat (if anything) morally separates environmental from neurochemical behavioral interventions?\u201c (konferencija: \u201eNudge: Behavioral Objectives and Technological Means\u201c, 12.2.2024.)<\/p>\n\n\n\n<p><strong>Javna doga\u0111anja<\/strong><\/p>\n\n\n\n<p>Crnko, Tarmara, &#8220;Challenging the argument from self-determination: exclusion, liberalism, and democracy&#8221; (projektna radionica: Institut za filozofiju, 7.2.2025.)<\/p>\n\n\n\n<p>Ivankovi\u0107, Viktor, \u201eNudges, Norms and Moral Progress\u201c (javno predavanje: Uehiro Oxford Institute, Sveu\u010dili\u0161te u Oxfordu, 6.11.2024.)<\/p>\n\n\n\n<p>Biturajac, Mia, \u201eThe Meta-debate on Mental Disorders and Compassionsm\u201c (projektna radionica: Institut za filozofiju, 12.9.2024.)<\/p>\n\n\n\n<p>Grgi\u0107, Filip, \u201eKada je neznanje izgovor?\u201c (projektna radionica: Institut za filozofiju, 23.5.2024.)<\/p>\n\n\n\n<p>Vrdoljak, Tvrtko, \u201eDo Theories of Social Change Have to be Sociocentric? A New Naturalist Proposal\u201c (online projektna radionica: Institut za filozofiju, 25.4.2024.)<\/p>\n\n\n\n<p><strong>Organizacija<\/strong><\/p>\n\n\n\n<p><a href=\"https:\/\/mopic.ifzg.hr\/index.php\/conference-zaec-2025\/\" target=\"_blank\" rel=\"noreferrer noopener\">Zagreb Applied Ethics Conference 2025<\/a>, Zagreb, Hrvatska.<\/p>\n\n\n\n<p><strong>Sudjelovanja na tribinama i okruglim stolovima<\/strong><\/p>\n\n\n\n<p>Domazet, Mladen, izlaganje: \u201cZavist\u201d, u sklopu doga\u0111aja \u201cTurbina: Turbo-tribina\u201d u klubu Mo\u010dvara (13.12.2025.)<\/p>\n\n\n\n<p>Domazet, Mladen, izlaganje: \u201ePoliti\u010dka ekologija: danas i ovdje\u201c, u sklopu \u0160kole politi\u010dke ekologije, Beograd, Srbija (5.10.2025.)<\/p>\n\n\n\n<p>Domazet, Mladen, izlaganje: \u201eOdrast kao infrapolitika na poluperiferiji\u201c, u sklopu Tribine Instituta za etnologiju i folkloristiku (30.9.2025.)<\/p>\n\n\n\n<p>Biturajac, Mia, tribina: \u201eMedicina iz perspektive Andrije \u0160tampara i Ivana Illicha: zdravlje, dru\u0161tvo i etika\u201c, KIC, Zagreb, Hrvatska (18.6.2025.)<\/p>\n\n\n\n<p>Ivankovi\u0107, Viktor, izlaganje: \u201eA Target in Motion: Extending the Ethical AI Landscape\u201c; Kadi\u0107, Nino, izlaganje: \u201eMoral Status in Synthetic and Emulated AI\u201c, u sklopu okruglog stola o knjizi Tomislava Bracanovi\u0107a <em>Etika umjetne inteligencije<\/em>, a u okviru konferencije \u201eThe 3rd International Conference on the Relation between Artificial Intelligence, Social Sciences, and Humanities\u201c, Zagreb, Hrvatska (3.6.2025.)<\/p>\n\n\n\n<p>Crnko, Tamara i Balorda, Vito, javno predavanje: \u201eZnanost na aparatima? Filozofi dolaze u pomo\u0107!\u201c, u sklopu popularnog skupa \u201ePint of Science Festival\u201c, Rijeka, Hrvatska (19.5.2025.).<\/p>\n\n\n\n<p>Ivankovi\u0107, Viktor i Kadi\u0107, Nino, radionica: \u201eDisinformation at work \u2013 Understanding and recognizing fake news\u201c, u sklopu konferencije \u201eDeception, Lies, and Disinformation\u201c u organizaciji Udruge hrvatskih fulbrightovaca, Zagreb, Hrvatska (24.1.2025.)<\/p>\n\n\n\n<p><strong>Pojavljivanja u medijima<\/strong><\/p>\n\n\n\n<p>Domazet, Mladen, intervju: \u201eA gdje su kitovi?\u201c (Radio Student) (17.11.2025.)<\/p>\n\n\n\n<p>Domazet, Mladen, intervju: \u201eMladen Domazet: Rat je najru\u017eniji oblik ekonomije rasta\u201c (Novosti) (24.10.2025.)<\/p>\n\n\n\n<p>Crnko, Tamara i Balorda, Vito, blog osvrt: \u201eHow Can Philosophers Rebuild Trust in Science?\u201c (Blog of the APA) (13.10.2025.)<\/p>\n\n\n\n<p>Domazet, Mladen, blog osvrt: \u201eStruggle for Justice, Freedom and Beauty as Denial of Despair\u201c (Kronika: filozofski magazin) (16.9.2025.)<\/p>\n\n\n\n<p>Domazet, Mladen, blog osvrt: \u201eStories of expanded solidarity: the personal and the political in the degrowth perspective from the European periphery\u201c (degrowthUK) (19.6.2025.)<\/p>\n\n\n\n<p>Domazet, Mladen, sudjelovanje u emisiji \u201eI. Gregov: \u201eIzme\u0111u Sunje i Oxforda\u201c\u201c (Hrvatska radiotelevizija, \u201eDokumentarne radio drame\u201c) (28.5.2025.)<\/p>\n\n\n\n<p>Crnko, Tamara i Balorda, Vito, blog osvrt: \u201ePitaj filozofa: Kako vratiti povjerenje u znanost?\u201c (Kronika: filozofski magazin) (12.5.2025.)<\/p>\n\n\n\n<p>Ivankovi\u0107, Viktor, blog osvrt: \u201e\u0160to stvarno, stvarno \u017eelimo: Za\u0161to su istinske preferencije va\u017ene za teoriju poticanja\u201c (Institut za filozofiju: osvrti) (14.4.2025.)<\/p>\n\n\n\n<p>Engelen, Bart i Ivankovi\u0107, Viktor, blog osvrt: \u201eWhat I Really, Really Want: Why True Preferences Matter for Nudging\u201c (Justice Everywhere: A Blog About Philosophy in Public Affairs) (13.3.2025.)<\/p>\n\n\n\n<p>Domazet, Mladen, objava teskta: \u201eEthics of Sustainability and Global Environmental Justice\u201c, u sklopu serije #edufocus stranice \u201eNetwork of Education Policy Centers\u201d (28.2.2025.)<\/p>\n\n\n\n<p><strong>Studijski posjeti<\/strong><\/p>\n\n\n\n<p>Biturajac, Mia, ljetna \u0161kola: \u201cA Journey into Chinese Thought and Modern Civilization\u201d, Beijing Normal University (BNU), Peking, Kina, 10.-24.7.2025.<\/p>\n\n\n\n<p>Domazet, Mladen, Istra\u017eiva\u010dki centar za ekolo\u0161ku ekonomiku, Sveu\u010dili\u0161te Corvinus, Budimpe\u0161ta, Ma\u0111arska, 20.-23.11.2025.<\/p>\n\n\n\n<p>Domazet, Mladen, Istra\u017eiva\u010dki centar za ekolo\u0161ku ekonomiku, Sveu\u010dili\u0161te Corvinus, Budimpe\u0161ta, Ma\u0111arska, 15.-17.10.2024.<\/p>\n","protected":false},"excerpt":{"rendered":"<p>Etika i dru\u0161tveni izazovi Aktivnosti Izlaganja Joli\u0107, Tvrtko, \u201eOd instinkta do dostojanstva: Vjekoslav Rotkvi\u0107 o temelju moralnog napretka\u201d (konferencija: \u201eGodi\u0161nja konferencija Instituta za filozofiju: Hrvatska filozofija, proslava pedeset godina \u010dasopisa Prilozi za istra\u017eivanje hrvatske filozofske ba\u0161tine\u201c, Zagreb, Hrvatska, 4.-5.12.2025.) Biturajac, Mia, \u201eAndrija \u0160tampar kroz prizmu suvremene filozofije medicine\u201d (konferencija: \u201eGodi\u0161nja konferencija Instituta za filozofiju: Hrvatska [&hellip;]<\/p>\n","protected":false},"author":1,"featured_media":0,"parent":0,"menu_order":0,"comment_status":"closed","ping_status":"closed","template":"page-no-title","meta":{"footnotes":""},"class_list":["post-41","page","type-page","status-publish","hentry"],"_links":{"self":[{"href":"https:\/\/edi.ifzg.hr\/index.php\/wp-json\/wp\/v2\/pages\/41","targetHints":{"allow":["GET"]}}],"collection":[{"href":"https:\/\/edi.ifzg.hr\/index.php\/wp-json\/wp\/v2\/pages"}],"about":[{"href":"https:\/\/edi.ifzg.hr\/index.php\/wp-json\/wp\/v2\/types\/page"}],"author":[{"embeddable":true,"href":"https:\/\/edi.ifzg.hr\/index.php\/wp-json\/wp\/v2\/users\/1"}],"replies":[{"embeddable":true,"href":"https:\/\/edi.ifzg.hr\/index.php\/wp-json\/wp\/v2\/comments?post=41"}],"version-history":[{"count":7,"href":"https:\/\/edi.ifzg.hr\/index.php\/wp-json\/wp\/v2\/pages\/41\/revisions"}],"predecessor-version":[{"id":185,"href":"https:\/\/edi.ifzg.hr\/index.php\/wp-json\/wp\/v2\/pages\/41\/revisions\/185"}],"wp:attachment":[{"href":"https:\/\/edi.ifzg.hr\/index.php\/wp-json\/wp\/v2\/media?parent=41"}],"curies":[{"name":"wp","href":"https:\/\/api.w.org\/{rel}","templated":true}]}}